{"id":216,"date":"2020-09-25T12:12:13","date_gmt":"2020-09-25T10:12:13","guid":{"rendered":"http:\/\/geschichte-brandenburg.de\/wordpress\/?page_id=216"},"modified":"2024-12-20T18:21:56","modified_gmt":"2024-12-20T17:21:56","slug":"schriften-nf","status":"publish","type":"page","link":"https:\/\/geschichte-brandenburg.de\/wordpress\/schriften-nf\/","title":{"rendered":"Schriften Neue Folge"},"content":{"rendered":"\n<h1 class=\"wp-block-heading has-text-align-left\">Schriften der Landesgeschichtlichen Vereinigung f\u00fcr die Mark Brandenburg<br>Neue Folge<\/h1>\n\n\n\n<div style=\"height:100px\" aria-hidden=\"true\" class=\"wp-block-spacer\"><\/div>\n\n\n\n<p>Seit 2009 erscheint neben den beiden Periodika Jahrbuch und Mitteilungsblatt auch wieder eine monographische Schriftenreihe, mit der an die beiden 1952\u20131953 herausgegebenen B\u00e4nde (&#8222;Alte Folge&#8220;) angekn\u00fcpft wird. Sie dient der Aufnahme landesgeschichtlicher Buchmanuskripte, sowohl Einzeluntersuchungen als auch Sammelb\u00e4nde (besonders Tagungsbeitr\u00e4ge). Herausgegeben wird sie von Dr. Peter Bahl (Berlin), Dr. Clemens Bergstedt (Ziesar) und Prof. Dr. Frank G\u00f6se (Potsdam). Dr. Clemens Bergstedt trat 2015 an die Stelle des 2013 verstorbenen Mitherausgebers Dr. Lorenz Friedrich Beck (bis Band 4).<br>N\u00e4here bibliographische Daten, Inhaltsverzeichnisse und Bestellangaben finden Sie unten f\u00fcr jeden Band.<\/p>\n\n\n\n<p><strong>Kontakt<\/strong><br>Dr. Peter Bahl<br>Landesgeschichtliche Vereinigung f\u00fcr die Mark Brandenburg e.V.<br>Breite Str. 30&#8211;36<br>10178 Berlin<br>email: archiv@geschichte-brandenburg.de<\/p>\n\n\n\n<div style=\"height:100px\" aria-hidden=\"true\" class=\"wp-block-spacer\"><\/div>\n\n\n\n<div class=\"wp-block-columns is-layout-flex wp-container-core-columns-is-layout-9d6595d7 wp-block-columns-is-layout-flex\">\n<div class=\"wp-block-column is-layout-flow wp-block-column-is-layout-flow\">\n<figure class=\"wp-block-image size-large\"><a href=\"http:\/\/geschichte-brandenburg.de\/wordpress\/schriften_nf_1\/\" target=\"_blank\" rel=\"noopener noreferrer\"><img loading=\"lazy\" decoding=\"async\" width=\"709\" height=\"1024\" src=\"http:\/\/geschichte-brandenburg.de\/wordpress\/wp-content\/uploads\/2020\/10\/Schriftenreihe_1-709x1024.jpg\" alt=\"\" class=\"wp-image-621\" srcset=\"https:\/\/geschichte-brandenburg.de\/wordpress\/wp-content\/uploads\/2020\/10\/Schriftenreihe_1-709x1024.jpg 709w, https:\/\/geschichte-brandenburg.de\/wordpress\/wp-content\/uploads\/2020\/10\/Schriftenreihe_1-208x300.jpg 208w, https:\/\/geschichte-brandenburg.de\/wordpress\/wp-content\/uploads\/2020\/10\/Schriftenreihe_1-768x1110.jpg 768w, https:\/\/geschichte-brandenburg.de\/wordpress\/wp-content\/uploads\/2020\/10\/Schriftenreihe_1.jpg 1000w\" sizes=\"auto, (max-width: 709px) 100vw, 709px\" \/><\/a><figcaption class=\"wp-element-caption\"><a rel=\"noreferrer noopener\" href=\"http:\/\/geschichte-brandenburg.de\/wordpress\/schriften_nf_1\/\" target=\"_blank\">Band 1 (2009)<\/a><br><strong><a href=\"http:\/\/geschichte-brandenburg.de\/wordpress\/schriften_nf_1\/\" target=\"_blank\" rel=\"noreferrer noopener\">Brandenburg und seine Landschaften<\/a><\/strong><\/figcaption><\/figure>\n<\/div>\n\n\n\n<div class=\"wp-block-column is-layout-flow wp-block-column-is-layout-flow\">\n<figure class=\"wp-block-image size-large\"><a href=\"http:\/\/geschichte-brandenburg.de\/wordpress\/schriften_nf_2\/\" target=\"_blank\" rel=\"noopener noreferrer\"><img loading=\"lazy\" decoding=\"async\" width=\"709\" height=\"1024\" src=\"http:\/\/geschichte-brandenburg.de\/wordpress\/wp-content\/uploads\/2020\/10\/Schriftenreihe_2-709x1024.jpg\" alt=\"\" class=\"wp-image-622\" srcset=\"https:\/\/geschichte-brandenburg.de\/wordpress\/wp-content\/uploads\/2020\/10\/Schriftenreihe_2-709x1024.jpg 709w, https:\/\/geschichte-brandenburg.de\/wordpress\/wp-content\/uploads\/2020\/10\/Schriftenreihe_2-208x300.jpg 208w, https:\/\/geschichte-brandenburg.de\/wordpress\/wp-content\/uploads\/2020\/10\/Schriftenreihe_2-768x1110.jpg 768w, https:\/\/geschichte-brandenburg.de\/wordpress\/wp-content\/uploads\/2020\/10\/Schriftenreihe_2.jpg 1000w\" sizes=\"auto, (max-width: 709px) 100vw, 709px\" \/><\/a><figcaption class=\"wp-element-caption\"><a href=\"http:\/\/geschichte-brandenburg.de\/wordpress\/schriften_nf_2\/\" target=\"_blank\" rel=\"noreferrer noopener\">Band 2 (2009)<\/a><br><strong><a href=\"http:\/\/geschichte-brandenburg.de\/wordpress\/schriften_nf_2\/\" target=\"_blank\" rel=\"noreferrer noopener\">Die Landesgeschichtliche Vereinigung f\u00fcr die Mark Brandenburg in Vergangenheit und Gegenwart<\/a><\/strong><\/figcaption><\/figure>\n<\/div>\n\n\n\n<div class=\"wp-block-column is-layout-flow wp-block-column-is-layout-flow\">\n<figure class=\"wp-block-image size-large\"><a href=\"http:\/\/geschichte-brandenburg.de\/wordpress\/schriften_nf_3\/\" target=\"_blank\" rel=\"noopener noreferrer\"><img loading=\"lazy\" decoding=\"async\" width=\"709\" height=\"1024\" src=\"http:\/\/geschichte-brandenburg.de\/wordpress\/wp-content\/uploads\/2020\/10\/Schriftenreihe_3-709x1024.jpg\" alt=\"\" class=\"wp-image-623\" srcset=\"https:\/\/geschichte-brandenburg.de\/wordpress\/wp-content\/uploads\/2020\/10\/Schriftenreihe_3-709x1024.jpg 709w, https:\/\/geschichte-brandenburg.de\/wordpress\/wp-content\/uploads\/2020\/10\/Schriftenreihe_3-208x300.jpg 208w, https:\/\/geschichte-brandenburg.de\/wordpress\/wp-content\/uploads\/2020\/10\/Schriftenreihe_3-768x1110.jpg 768w, https:\/\/geschichte-brandenburg.de\/wordpress\/wp-content\/uploads\/2020\/10\/Schriftenreihe_3.jpg 1000w\" sizes=\"auto, (max-width: 709px) 100vw, 709px\" \/><\/a><figcaption class=\"wp-element-caption\"><a href=\"http:\/\/geschichte-brandenburg.de\/wordpress\/schriften_nf_3\/\" target=\"_blank\" rel=\"noreferrer noopener\">Band 3 (2009)<\/a><br><strong><a href=\"http:\/\/geschichte-brandenburg.de\/wordpress\/schriften_nf_3\/\" target=\"_blank\" rel=\"noreferrer noopener\">Das Archiv der Landesgeschichtlichen Vereinigung f\u00fcr die Mark Brandenburg und seine Best\u00e4nde<\/a><\/strong><\/figcaption><\/figure>\n<\/div>\n\n\n\n<div class=\"wp-block-column is-layout-flow wp-block-column-is-layout-flow\">\n<figure class=\"wp-block-image size-large\"><a href=\"http:\/\/geschichte-brandenburg.de\/wordpress\/schriften_nf_4\/\" target=\"_blank\" rel=\"noopener noreferrer\"><img loading=\"lazy\" decoding=\"async\" width=\"709\" height=\"1024\" src=\"http:\/\/geschichte-brandenburg.de\/wordpress\/wp-content\/uploads\/2020\/10\/Schriftenreihe_4-709x1024.jpg\" alt=\"\" class=\"wp-image-624\" srcset=\"https:\/\/geschichte-brandenburg.de\/wordpress\/wp-content\/uploads\/2020\/10\/Schriftenreihe_4-709x1024.jpg 709w, https:\/\/geschichte-brandenburg.de\/wordpress\/wp-content\/uploads\/2020\/10\/Schriftenreihe_4-208x300.jpg 208w, https:\/\/geschichte-brandenburg.de\/wordpress\/wp-content\/uploads\/2020\/10\/Schriftenreihe_4-768x1110.jpg 768w, https:\/\/geschichte-brandenburg.de\/wordpress\/wp-content\/uploads\/2020\/10\/Schriftenreihe_4.jpg 1000w\" sizes=\"auto, (max-width: 709px) 100vw, 709px\" \/><\/a><figcaption class=\"wp-element-caption\"><a href=\"http:\/\/geschichte-brandenburg.de\/wordpress\/schriften_nf_4\/\" target=\"_blank\" rel=\"noreferrer noopener\">Band 4 (2014)<\/a><br><strong><a href=\"http:\/\/geschichte-brandenburg.de\/wordpress\/schriften_nf_4\/\" target=\"_blank\" rel=\"noreferrer noopener\">Regionalit\u00e4t und Transfergeschichte<\/a><\/strong><\/figcaption><\/figure>\n<\/div>\n\n\n\n<div class=\"wp-block-column is-layout-flow wp-block-column-is-layout-flow\">\n<figure class=\"wp-block-image size-large\"><a href=\"http:\/\/geschichte-brandenburg.de\/wordpress\/schriften_nf_5\/\" target=\"_blank\" rel=\"noopener noreferrer\"><img loading=\"lazy\" decoding=\"async\" width=\"709\" height=\"1024\" src=\"http:\/\/geschichte-brandenburg.de\/wordpress\/wp-content\/uploads\/2020\/10\/Schriftenreihe_5-709x1024.jpg\" alt=\"\" class=\"wp-image-625\" srcset=\"https:\/\/geschichte-brandenburg.de\/wordpress\/wp-content\/uploads\/2020\/10\/Schriftenreihe_5-709x1024.jpg 709w, https:\/\/geschichte-brandenburg.de\/wordpress\/wp-content\/uploads\/2020\/10\/Schriftenreihe_5-208x300.jpg 208w, https:\/\/geschichte-brandenburg.de\/wordpress\/wp-content\/uploads\/2020\/10\/Schriftenreihe_5-768x1110.jpg 768w, https:\/\/geschichte-brandenburg.de\/wordpress\/wp-content\/uploads\/2020\/10\/Schriftenreihe_5.jpg 1000w\" sizes=\"auto, (max-width: 709px) 100vw, 709px\" \/><\/a><figcaption class=\"wp-element-caption\"><a href=\"http:\/\/geschichte-brandenburg.de\/wordpress\/schriften_nf_5\/\" target=\"_blank\" rel=\"noreferrer noopener\">Band 5 (2015)<\/a><br><strong><a href=\"http:\/\/geschichte-brandenburg.de\/wordpress\/schriften_nf_5\/\" target=\"_blank\" rel=\"noreferrer noopener\">Die Mark Brandenburg unter den fr\u00fchen Hohenzollern<\/a><\/strong><\/figcaption><\/figure>\n<\/div>\n<\/div>\n\n\n\n<div class=\"wp-block-group\"><div class=\"wp-block-group__inner-container is-layout-flow wp-block-group-is-layout-flow\">\n<div class=\"wp-block-columns is-layout-flex wp-container-core-columns-is-layout-9d6595d7 wp-block-columns-is-layout-flex\">\n<div class=\"wp-block-column is-layout-flow wp-block-column-is-layout-flow\">\n<figure class=\"wp-block-image size-large\"><a href=\"http:\/\/geschichte-brandenburg.de\/wordpress\/schriften_nf_6\/\" target=\"_blank\" rel=\"noopener noreferrer\"><img loading=\"lazy\" decoding=\"async\" width=\"709\" height=\"1024\" src=\"http:\/\/geschichte-brandenburg.de\/wordpress\/wp-content\/uploads\/2020\/10\/Schriftenreihe_6-709x1024.jpg\" alt=\"\" class=\"wp-image-626\" srcset=\"https:\/\/geschichte-brandenburg.de\/wordpress\/wp-content\/uploads\/2020\/10\/Schriftenreihe_6-709x1024.jpg 709w, https:\/\/geschichte-brandenburg.de\/wordpress\/wp-content\/uploads\/2020\/10\/Schriftenreihe_6-208x300.jpg 208w, https:\/\/geschichte-brandenburg.de\/wordpress\/wp-content\/uploads\/2020\/10\/Schriftenreihe_6-768x1110.jpg 768w, https:\/\/geschichte-brandenburg.de\/wordpress\/wp-content\/uploads\/2020\/10\/Schriftenreihe_6.jpg 1000w\" sizes=\"auto, (max-width: 709px) 100vw, 709px\" \/><\/a><figcaption><a href=\"http:\/\/geschichte-brandenburg.de\/wordpress\/schriften_nf_6\/\" target=\"_blank\" rel=\"noreferrer noopener\">Band 6 (2015)<\/a><br><strong><a href=\"http:\/\/geschichte-brandenburg.de\/wordpress\/schriften_nf_6\/\" target=\"_blank\" rel=\"noreferrer noopener\">G\u00e4rten und Parke in Brandenburg<\/a><\/strong><\/figcaption><\/figure>\n<\/div>\n\n\n\n<div class=\"wp-block-column is-layout-flow wp-block-column-is-layout-flow\">\n<figure class=\"wp-block-image size-large\"><a href=\"http:\/\/geschichte-brandenburg.de\/wordpress\/schriften_nf_7\/\" target=\"_blank\" rel=\"noopener noreferrer\"><img loading=\"lazy\" decoding=\"async\" width=\"709\" height=\"1024\" src=\"http:\/\/geschichte-brandenburg.de\/wordpress\/wp-content\/uploads\/2020\/10\/Schriftenreihe_7-709x1024.jpg\" alt=\"\" class=\"wp-image-627\" srcset=\"https:\/\/geschichte-brandenburg.de\/wordpress\/wp-content\/uploads\/2020\/10\/Schriftenreihe_7-709x1024.jpg 709w, https:\/\/geschichte-brandenburg.de\/wordpress\/wp-content\/uploads\/2020\/10\/Schriftenreihe_7-208x300.jpg 208w, https:\/\/geschichte-brandenburg.de\/wordpress\/wp-content\/uploads\/2020\/10\/Schriftenreihe_7-768x1110.jpg 768w, https:\/\/geschichte-brandenburg.de\/wordpress\/wp-content\/uploads\/2020\/10\/Schriftenreihe_7.jpg 1000w\" sizes=\"auto, (max-width: 709px) 100vw, 709px\" \/><\/a><figcaption><a href=\"http:\/\/geschichte-brandenburg.de\/wordpress\/schriften_nf_7\/\" target=\"_blank\" rel=\"noreferrer noopener\">Band 7 (2015)<\/a><br><strong><a href=\"http:\/\/geschichte-brandenburg.de\/wordpress\/schriften_nf_7\/\" target=\"_blank\" rel=\"noreferrer noopener\">Tractatus de urbe Brandenburg<\/a><\/strong><\/figcaption><\/figure>\n<\/div>\n\n\n\n<div class=\"wp-block-column is-layout-flow wp-block-column-is-layout-flow\">\n<figure class=\"wp-block-image size-large\"><a href=\"http:\/\/geschichte-brandenburg.de\/wordpress\/schriften_nf_8\/\" target=\"_blank\" rel=\"noopener noreferrer\"><img loading=\"lazy\" decoding=\"async\" width=\"709\" height=\"1024\" src=\"http:\/\/geschichte-brandenburg.de\/wordpress\/wp-content\/uploads\/2020\/10\/Schriftenreihe_8-709x1024.jpg\" alt=\"\" class=\"wp-image-628\" srcset=\"https:\/\/geschichte-brandenburg.de\/wordpress\/wp-content\/uploads\/2020\/10\/Schriftenreihe_8-709x1024.jpg 709w, https:\/\/geschichte-brandenburg.de\/wordpress\/wp-content\/uploads\/2020\/10\/Schriftenreihe_8-208x300.jpg 208w, https:\/\/geschichte-brandenburg.de\/wordpress\/wp-content\/uploads\/2020\/10\/Schriftenreihe_8-768x1110.jpg 768w, https:\/\/geschichte-brandenburg.de\/wordpress\/wp-content\/uploads\/2020\/10\/Schriftenreihe_8.jpg 1000w\" sizes=\"auto, (max-width: 709px) 100vw, 709px\" \/><\/a><figcaption><a href=\"http:\/\/geschichte-brandenburg.de\/wordpress\/schriften_nf_8\/\" target=\"_blank\" rel=\"noreferrer noopener\">Band 8 (2017)<\/a><br><strong><a href=\"http:\/\/geschichte-brandenburg.de\/wordpress\/schriften_nf_8\/\" target=\"_blank\" rel=\"noreferrer noopener\">Reformation in Brandenburg<\/a><\/strong><\/figcaption><\/figure>\n<\/div>\n\n\n\n<div class=\"wp-block-column is-layout-flow wp-block-column-is-layout-flow\">\n<figure class=\"wp-block-image size-large\"><a href=\"http:\/\/geschichte-brandenburg.de\/wordpress\/schriften_nf_9\/\" target=\"_blank\" rel=\"noopener noreferrer\"><img loading=\"lazy\" decoding=\"async\" width=\"709\" height=\"1024\" src=\"http:\/\/geschichte-brandenburg.de\/wordpress\/wp-content\/uploads\/2020\/10\/Schriftenreihe_9-709x1024.jpg\" alt=\"\" class=\"wp-image-629\" srcset=\"https:\/\/geschichte-brandenburg.de\/wordpress\/wp-content\/uploads\/2020\/10\/Schriftenreihe_9-709x1024.jpg 709w, https:\/\/geschichte-brandenburg.de\/wordpress\/wp-content\/uploads\/2020\/10\/Schriftenreihe_9-208x300.jpg 208w, https:\/\/geschichte-brandenburg.de\/wordpress\/wp-content\/uploads\/2020\/10\/Schriftenreihe_9-768x1110.jpg 768w, https:\/\/geschichte-brandenburg.de\/wordpress\/wp-content\/uploads\/2020\/10\/Schriftenreihe_9.jpg 1000w\" sizes=\"auto, (max-width: 709px) 100vw, 709px\" \/><\/a><figcaption><a href=\"http:\/\/geschichte-brandenburg.de\/wordpress\/schriften_nf_9\/\" target=\"_blank\" rel=\"noreferrer noopener\">Band 9 (2018)<\/a><br><strong><a href=\"http:\/\/geschichte-brandenburg.de\/wordpress\/schriften_nf_9\/\" target=\"_blank\" rel=\"noreferrer noopener\">Die H\u00e4user der B\u00f6lschestra\u00dfe in Berlin-Friedrichshagen<\/a><\/strong><\/figcaption><\/figure>\n<\/div>\n\n\n\n<div class=\"wp-block-column is-layout-flow wp-block-column-is-layout-flow\">\n<figure class=\"wp-block-image size-large\"><a href=\"http:\/\/geschichte-brandenburg.de\/wordpress\/schriften_nf_10\/\" target=\"_blank\" rel=\"noopener noreferrer\"><img loading=\"lazy\" decoding=\"async\" width=\"709\" height=\"1024\" src=\"http:\/\/geschichte-brandenburg.de\/wordpress\/wp-content\/uploads\/2020\/10\/Schriftenreihe_10-709x1024.jpeg\" alt=\"\" class=\"wp-image-630\" srcset=\"https:\/\/geschichte-brandenburg.de\/wordpress\/wp-content\/uploads\/2020\/10\/Schriftenreihe_10-709x1024.jpeg 709w, https:\/\/geschichte-brandenburg.de\/wordpress\/wp-content\/uploads\/2020\/10\/Schriftenreihe_10-208x300.jpeg 208w, https:\/\/geschichte-brandenburg.de\/wordpress\/wp-content\/uploads\/2020\/10\/Schriftenreihe_10-768x1110.jpeg 768w, https:\/\/geschichte-brandenburg.de\/wordpress\/wp-content\/uploads\/2020\/10\/Schriftenreihe_10.jpeg 1000w\" sizes=\"auto, (max-width: 709px) 100vw, 709px\" \/><\/a><figcaption><a href=\"http:\/\/geschichte-brandenburg.de\/wordpress\/schriften_nf_10\/\" target=\"_blank\" rel=\"noreferrer noopener\">Band 10 (2019)<\/a><br><strong><a href=\"http:\/\/geschichte-brandenburg.de\/wordpress\/schriften_nf_10\/\" target=\"_blank\" rel=\"noreferrer noopener\">Burggraf Friedrich VI. von N\u00fcrnberg und die Belehnung der Burggrafen von N\u00fcrnberg mit dem Kurf\u00fcrstentum Brandenburg im Jahre 1417<\/a><\/strong><\/figcaption><\/figure>\n<\/div>\n<\/div>\n<\/div><\/div>\n\n\n\n<div class=\"wp-block-columns is-layout-flex wp-container-core-columns-is-layout-9d6595d7 wp-block-columns-is-layout-flex\">\n<div class=\"wp-block-column is-layout-flow wp-block-column-is-layout-flow\" style=\"flex-basis:20%\">\n<figure class=\"wp-block-image size-large\"><a href=\"http:\/\/geschichte-brandenburg.de\/wordpress\/schriften_nf_11\/\" target=\"_blank\" rel=\"noopener\"><img loading=\"lazy\" decoding=\"async\" width=\"709\" height=\"1024\" src=\"https:\/\/geschichte-brandenburg.de\/wordpress\/wp-content\/uploads\/2023\/10\/Schriftenreihe_11-709x1024.jpg\" alt=\"\" class=\"wp-image-2442\" srcset=\"https:\/\/geschichte-brandenburg.de\/wordpress\/wp-content\/uploads\/2023\/10\/Schriftenreihe_11-709x1024.jpg 709w, https:\/\/geschichte-brandenburg.de\/wordpress\/wp-content\/uploads\/2023\/10\/Schriftenreihe_11-208x300.jpg 208w, https:\/\/geschichte-brandenburg.de\/wordpress\/wp-content\/uploads\/2023\/10\/Schriftenreihe_11-768x1110.jpg 768w, https:\/\/geschichte-brandenburg.de\/wordpress\/wp-content\/uploads\/2023\/10\/Schriftenreihe_11.jpg 1000w\" sizes=\"auto, (max-width: 709px) 100vw, 709px\" \/><\/a><figcaption class=\"wp-element-caption\"> <a href=\"http:\/\/geschichte-brandenburg.de\/wordpress\/schriften_nf_11\/\" target=\"_blank\" rel=\"noreferrer noopener\">Band 11 (2023)<br>Mittelalterliche Stadtbefestigungen in der Mark Brandenburg und in Norddeutschland<\/a><\/figcaption><\/figure>\n<\/div>\n\n\n\n<div class=\"wp-block-column is-layout-flow wp-block-column-is-layout-flow\" style=\"flex-basis:20%\">\n<figure class=\"wp-block-image size-large\"><a href=\"http:\/\/geschichte-brandenburg.de\/wordpress\/schriften_nf_12\/\" target=\"_blank\" rel=\"noopener\"><img loading=\"lazy\" decoding=\"async\" width=\"709\" height=\"1024\" src=\"http:\/\/geschichte-brandenburg.de\/wordpress\/wp-content\/uploads\/2021\/12\/Schriftenreihe_12-709x1024.jpg\" alt=\"\" class=\"wp-image-1538\" srcset=\"https:\/\/geschichte-brandenburg.de\/wordpress\/wp-content\/uploads\/2021\/12\/Schriftenreihe_12-709x1024.jpg 709w, https:\/\/geschichte-brandenburg.de\/wordpress\/wp-content\/uploads\/2021\/12\/Schriftenreihe_12-208x300.jpg 208w, https:\/\/geschichte-brandenburg.de\/wordpress\/wp-content\/uploads\/2021\/12\/Schriftenreihe_12-768x1110.jpg 768w, https:\/\/geschichte-brandenburg.de\/wordpress\/wp-content\/uploads\/2021\/12\/Schriftenreihe_12.jpg 1000w\" sizes=\"auto, (max-width: 709px) 100vw, 709px\" \/><\/a><figcaption class=\"wp-element-caption\"> <a href=\"http:\/\/geschichte-brandenburg.de\/wordpress\/schriften_nf_12\/\" target=\"_blank\" rel=\"noreferrer noopener\">Band 12 (2021)<br><strong>Der Spreefl\u00fcgel des Berliner Schlosses<\/strong> <\/a><\/figcaption><\/figure>\n<\/div>\n\n\n\n<div class=\"wp-block-column is-layout-flow wp-block-column-is-layout-flow\" style=\"flex-basis:20%\">\n<figure class=\"wp-block-image size-large\"><a href=\"http:\/\/geschichte-brandenburg.de\/wordpress\/schriften_nf_13\/\" target=\"_blank\" rel=\"noopener\"><img loading=\"lazy\" decoding=\"async\" width=\"709\" height=\"1024\" src=\"http:\/\/geschichte-brandenburg.de\/wordpress\/wp-content\/uploads\/2021\/12\/Schriftenreihe_13-709x1024.jpg\" alt=\"\" class=\"wp-image-1539\" srcset=\"https:\/\/geschichte-brandenburg.de\/wordpress\/wp-content\/uploads\/2021\/12\/Schriftenreihe_13-709x1024.jpg 709w, https:\/\/geschichte-brandenburg.de\/wordpress\/wp-content\/uploads\/2021\/12\/Schriftenreihe_13-208x300.jpg 208w, https:\/\/geschichte-brandenburg.de\/wordpress\/wp-content\/uploads\/2021\/12\/Schriftenreihe_13-768x1110.jpg 768w, https:\/\/geschichte-brandenburg.de\/wordpress\/wp-content\/uploads\/2021\/12\/Schriftenreihe_13.jpg 1000w\" sizes=\"auto, (max-width: 709px) 100vw, 709px\" \/><\/a><figcaption class=\"wp-element-caption\"> <a href=\"http:\/\/geschichte-brandenburg.de\/wordpress\/schriften_nf_13\/\" target=\"_blank\" rel=\"noreferrer noopener\">Band 13 (2021)<br><strong>Der K\u00f6niglich Preu\u00dfische Marstall nach 1900<\/strong><\/a>  <\/figcaption><\/figure>\n<\/div>\n\n\n\n<div class=\"wp-block-column is-layout-flow wp-block-column-is-layout-flow\" style=\"flex-basis:20%\">\n<figure class=\"wp-block-image size-large\"><a href=\"https:\/\/geschichte-brandenburg.de\/wordpress\/schriften_nf_14\/\" target=\"_blank\" rel=\"noreferrer noopener\"><img loading=\"lazy\" decoding=\"async\" width=\"709\" height=\"1024\" src=\"https:\/\/geschichte-brandenburg.de\/wordpress\/wp-content\/uploads\/2023\/03\/Schriftenreihe_14-709x1024.jpg\" alt=\"\" class=\"wp-image-2150\" srcset=\"https:\/\/geschichte-brandenburg.de\/wordpress\/wp-content\/uploads\/2023\/03\/Schriftenreihe_14-709x1024.jpg 709w, https:\/\/geschichte-brandenburg.de\/wordpress\/wp-content\/uploads\/2023\/03\/Schriftenreihe_14-208x300.jpg 208w, https:\/\/geschichte-brandenburg.de\/wordpress\/wp-content\/uploads\/2023\/03\/Schriftenreihe_14-768x1110.jpg 768w, https:\/\/geschichte-brandenburg.de\/wordpress\/wp-content\/uploads\/2023\/03\/Schriftenreihe_14.jpg 1000w\" sizes=\"auto, (max-width: 709px) 100vw, 709px\" \/><\/a><figcaption class=\"wp-element-caption\"><a href=\"http:\/\/geschichte-brandenburg.de\/wordpress\/schriften_nf_14\/\" target=\"_blank\" rel=\"noreferrer noopener\">Band 14 (2022)<br><strong>Aus der m\u00e4rkischen Streusandb\u00fcchse in die Welt hinein<\/strong><\/a><\/figcaption><\/figure>\n<\/div>\n\n\n\n<div class=\"wp-block-column is-layout-flow wp-block-column-is-layout-flow\" style=\"flex-basis:20%\">\n<figure class=\"wp-block-image size-large\"><img loading=\"lazy\" decoding=\"async\" width=\"709\" height=\"1024\" src=\"https:\/\/geschichte-brandenburg.de\/wordpress\/wp-content\/uploads\/2024\/12\/Schriftenreihe_15-709x1024.jpg\" alt=\"\" class=\"wp-image-2753\" srcset=\"https:\/\/geschichte-brandenburg.de\/wordpress\/wp-content\/uploads\/2024\/12\/Schriftenreihe_15-709x1024.jpg 709w, https:\/\/geschichte-brandenburg.de\/wordpress\/wp-content\/uploads\/2024\/12\/Schriftenreihe_15-208x300.jpg 208w, https:\/\/geschichte-brandenburg.de\/wordpress\/wp-content\/uploads\/2024\/12\/Schriftenreihe_15-768x1110.jpg 768w, https:\/\/geschichte-brandenburg.de\/wordpress\/wp-content\/uploads\/2024\/12\/Schriftenreihe_15.jpg 1000w\" sizes=\"auto, (max-width: 709px) 100vw, 709px\" \/><figcaption class=\"wp-element-caption\"><a href=\"http:\/\/geschichte-brandenburg.de\/wordpress\/schriften_nf_15\/\" target=\"_blank\" rel=\"noreferrer noopener\">Band 15 (2024)<br><strong>Infrastruktur und Daseinsvorsorge in der sp\u00e4tmittelalterlichen und fr\u00fchneuzeitlichen Mark Brandenburg<\/strong><\/a><\/figcaption><\/figure>\n<\/div>\n<\/div>\n\n\n\n<p><\/p>\n","protected":false},"excerpt":{"rendered":"<p>Schriften der Landesgeschichtlichen Vereinigung f\u00fcr die Mark BrandenburgNeue Folge Seit 2009 erscheint neben den beiden Periodika Jahrbuch und Mitteilungsblatt auch wieder eine monographische Schriftenreihe, mit der an die beiden 1952\u20131953 [&hellip;]<\/p>\n","protected":false},"author":2,"featured_media":0,"parent":0,"menu_order":0,"comment_status":"closed","ping_status":"closed","template":"","meta":{"footnotes":""},"class_list":["post-216","page","type-page","status-publish","hentry"],"_links":{"self":[{"href":"https:\/\/geschichte-brandenburg.de\/wordpress\/wp-json\/wp\/v2\/pages\/216","targetHints":{"allow":["GET"]}}],"collection":[{"href":"https:\/\/geschichte-brandenburg.de\/wordpress\/wp-json\/wp\/v2\/pages"}],"about":[{"href":"https:\/\/geschichte-brandenburg.de\/wordpress\/wp-json\/wp\/v2\/types\/page"}],"author":[{"embeddable":true,"href":"https:\/\/geschichte-brandenburg.de\/wordpress\/wp-json\/wp\/v2\/users\/2"}],"replies":[{"embeddable":true,"href":"https:\/\/geschichte-brandenburg.de\/wordpress\/wp-json\/wp\/v2\/comments?post=216"}],"version-history":[{"count":43,"href":"https:\/\/geschichte-brandenburg.de\/wordpress\/wp-json\/wp\/v2\/pages\/216\/revisions"}],"predecessor-version":[{"id":2758,"href":"https:\/\/geschichte-brandenburg.de\/wordpress\/wp-json\/wp\/v2\/pages\/216\/revisions\/2758"}],"wp:attachment":[{"href":"https:\/\/geschichte-brandenburg.de\/wordpress\/wp-json\/wp\/v2\/media?parent=216"}],"curies":[{"name":"wp","href":"https:\/\/api.w.org\/{rel}","templated":true}]}}