{"id":2590,"date":"2024-06-05T19:13:12","date_gmt":"2024-06-05T17:13:12","guid":{"rendered":"https:\/\/geschichte-brandenburg.de\/wordpress\/?post_type=tribe_events&#038;p=2590"},"modified":"2024-06-05T19:19:24","modified_gmt":"2024-06-05T17:19:24","slug":"von-der-bulgarischen-strasse-zum-volkspark-wuhlheide-spreeweg-viii","status":"publish","type":"tribe_events","link":"https:\/\/geschichte-brandenburg.de\/wordpress\/event\/von-der-bulgarischen-strasse-zum-volkspark-wuhlheide-spreeweg-viii\/","title":{"rendered":"Von der Bulgarischen Stra\u00dfe zum Volkspark Wuhlheide (Spreeweg VIII)"},"content":{"rendered":"<p>Eine Stadtwanderung, ca. 5 km<\/p>\n<p><strong>Leitung:<\/strong> Gerhard Weiduschat (Berlin).<\/p>\n<p><strong>Treffen:<\/strong> Sonnabend, 28. September 2024, 11.00 Uhr, an der Bushaltestelle Bulgarische Stra\u00dfe.<\/p>\n<p><strong>\u00d6PNV:<\/strong> Bus 165, 166, 265.<\/p>\n<p><strong>Kosten:<\/strong> keine.<br \/>\nEnde gegen 13.30 Uhr. Einkehr unterwegs oder am Ende m\u00f6glich.<\/p>\n<p><strong>Anmeldung:<\/strong> Gerhard Weiduschat, E-Mail: g.weiduschat@gmail.com (bevorzugt) oder<br \/>\nTel. (030) 413 82 19 (Anrufbeantworter)<\/p>\n<p><em>Die 8. Etappe f\u00fchrt zun\u00e4chst am linken Spreeufer durch den Pl\u00e4nterwald vorbei am Alten<br \/>\nEierh\u00e4uschen bis zur F\u00e4hre Baumschulenstr. Nach der kurzen \u00dcberfahrt zum Wilhelmstrand<br \/>\nfolgen wir der Spreeschloss-, Nalepa-, Mentelin- und Rummelsburger Stra\u00dfe bis vor den<br \/>\nEingang zum Volkspark Wuhlheide. Hier kann die Heimfahrt mit den Stra\u00dfenbahnen<br \/>\nM 17, 21, 27 oder 37 begonnen werden.<\/em><\/p>\n","protected":false},"excerpt":{"rendered":"<p>Eine Stadtwanderung, ca. 5 km Leitung: Gerhard Weiduschat (Berlin). Treffen: Sonnabend, 28. September 2024, 11.00 Uhr, an der Bushaltestelle Bulgarische Stra\u00dfe. \u00d6PNV: Bus 165, 166, 265. Kosten: keine. Ende gegen [&hellip;]<\/p>\n","protected":false},"author":4,"featured_media":0,"template":"","meta":{"_tribe_events_status":"","_tribe_events_status_reason":"","footnotes":""},"tags":[97,133],"tribe_events_cat":[35],"class_list":["post-2590","tribe_events","type-tribe_events","status-publish","hentry","tag-berlin","tag-spreeweg","tribe_events_cat-wanderung","cat_wanderung"],"_links":{"self":[{"href":"https:\/\/geschichte-brandenburg.de\/wordpress\/wp-json\/wp\/v2\/tribe_events\/2590","targetHints":{"allow":["GET"]}}],"collection":[{"href":"https:\/\/geschichte-brandenburg.de\/wordpress\/wp-json\/wp\/v2\/tribe_events"}],"about":[{"href":"https:\/\/geschichte-brandenburg.de\/wordpress\/wp-json\/wp\/v2\/types\/tribe_events"}],"author":[{"embeddable":true,"href":"https:\/\/geschichte-brandenburg.de\/wordpress\/wp-json\/wp\/v2\/users\/4"}],"version-history":[{"count":2,"href":"https:\/\/geschichte-brandenburg.de\/wordpress\/wp-json\/wp\/v2\/tribe_events\/2590\/revisions"}],"predecessor-version":[{"id":2594,"href":"https:\/\/geschichte-brandenburg.de\/wordpress\/wp-json\/wp\/v2\/tribe_events\/2590\/revisions\/2594"}],"wp:attachment":[{"href":"https:\/\/geschichte-brandenburg.de\/wordpress\/wp-json\/wp\/v2\/media?parent=2590"}],"wp:term":[{"taxonomy":"post_tag","embeddable":true,"href":"https:\/\/geschichte-brandenburg.de\/wordpress\/wp-json\/wp\/v2\/tags?post=2590"},{"taxonomy":"tribe_events_cat","embeddable":true,"href":"https:\/\/geschichte-brandenburg.de\/wordpress\/wp-json\/wp\/v2\/tribe_events_cat?post=2590"}],"curies":[{"name":"wp","href":"https:\/\/api.w.org\/{rel}","templated":true}]}}