{"id":3147,"date":"2026-02-12T17:18:35","date_gmt":"2026-02-12T16:18:35","guid":{"rendered":"https:\/\/geschichte-brandenburg.de\/wordpress\/?post_type=tribe_events&#038;p=3147"},"modified":"2026-02-12T17:18:35","modified_gmt":"2026-02-12T16:18:35","slug":"wir-sind-die-saenger-von-finsterwalde-wie-ein-berliner-gassenhauer-seine-adoptivheimat-in-finsterwalde-fand","status":"publish","type":"tribe_events","link":"https:\/\/geschichte-brandenburg.de\/wordpress\/event\/wir-sind-die-saenger-von-finsterwalde-wie-ein-berliner-gassenhauer-seine-adoptivheimat-in-finsterwalde-fand\/","title":{"rendered":"\u201eWir sind die S\u00e4nger von Finsterwalde\u201c &#8211; Wie ein Berliner Gassenhauer seine Adoptivheimat in Finsterwalde fand"},"content":{"rendered":"<p><strong>Vortrag:<\/strong> Dr. Rainer Ernst (Finsterwalde; Museumsleiter i.<strong>R.).<\/strong><\/p>\n<p><strong>Treffen:\u00a0<\/strong>Donnerstag, 9. April 2026,\u00a019.00 Uhr im Berlin-Saal der Berliner Stadtbibliothek, Breite Stra\u00dfe 36, 10178 Berlin-Mitte.<\/p>\n<p><em>Schlager, auch in ihrer Auspr\u00e4gung als Gassenhauer, besitzen meist nur eine geringe Haltbarkeitsdauer. Nach mitunter kometenhaftem Aufstieg vergl\u00fchen sie schon nach einer Saison oder verlieren sich sp\u00e4testens mit der Generation, die sie in ihrer Jugend begeistert gesungen hatte. Dass ein Gassenhauer weit \u00fcber ein Jahrhundert lebendig bleibt und sogar noch in neuen Varianten erbl\u00fcht, d\u00fcrfte wohl h\u00f6chst selten sein.<\/p>\n<p>Der Frage, warum gerade das Finsterwalder S\u00e4ngerlied diesen Ausnahmestatus beanspruchen kann, sp\u00fcrt der Referent nach. Er f\u00fchrt in die Entstehungszeit zur\u00fcck, taucht tief in das Milieu der Berliner Vergn\u00fcgungsszene ein, aus der es 1899 entsprang, und stellt seinen Sch\u00f6pfer, den Komponisten, Schriftsteller, Schauspieler und Theaterdirektor Wilhelm Wolff vor.<\/p>\n<p>Der reich illustrierte Vortrag dokumentiert, wie das Lied \u2013 zun\u00e4chst skeptisch aufgenommen \u2013 schlie\u00dflich in Finsterwalde nicht nur akzeptiert, sondern als Hymne b\u00fcrgerschaftlichen Selbstverst\u00e4ndnisses auserkoren wurde. \u2013 Am 13. Juni 2026 wird der Referent durch Finsterwalde f\u00fchren, siehe die Ank\u00fcndigung in diesem Veranstaltungsprogramm.<\/em><\/p>\n","protected":false},"excerpt":{"rendered":"<p>Vortrag: Dr. Rainer Ernst (Finsterwalde; Museumsleiter i.R.). Treffen:\u00a0Donnerstag, 9. April 2026,\u00a019.00 Uhr im Berlin-Saal der Berliner Stadtbibliothek, Breite Stra\u00dfe 36, 10178 Berlin-Mitte. Schlager, auch in ihrer Auspr\u00e4gung als Gassenhauer, besitzen [&hellip;]<\/p>\n","protected":false},"author":3,"featured_media":0,"template":"","meta":{"_tribe_events_status":"","_tribe_events_status_reason":"","footnotes":""},"tags":[224,223],"tribe_events_cat":[4],"class_list":["post-3147","tribe_events","type-tribe_events","status-publish","hentry","tag-finsterwalder-saengerlied","tag-wilhelm-wolff","tribe_events_cat-vortrag","cat_vortrag"],"_links":{"self":[{"href":"https:\/\/geschichte-brandenburg.de\/wordpress\/wp-json\/wp\/v2\/tribe_events\/3147","targetHints":{"allow":["GET"]}}],"collection":[{"href":"https:\/\/geschichte-brandenburg.de\/wordpress\/wp-json\/wp\/v2\/tribe_events"}],"about":[{"href":"https:\/\/geschichte-brandenburg.de\/wordpress\/wp-json\/wp\/v2\/types\/tribe_events"}],"author":[{"embeddable":true,"href":"https:\/\/geschichte-brandenburg.de\/wordpress\/wp-json\/wp\/v2\/users\/3"}],"version-history":[{"count":1,"href":"https:\/\/geschichte-brandenburg.de\/wordpress\/wp-json\/wp\/v2\/tribe_events\/3147\/revisions"}],"predecessor-version":[{"id":3148,"href":"https:\/\/geschichte-brandenburg.de\/wordpress\/wp-json\/wp\/v2\/tribe_events\/3147\/revisions\/3148"}],"wp:attachment":[{"href":"https:\/\/geschichte-brandenburg.de\/wordpress\/wp-json\/wp\/v2\/media?parent=3147"}],"wp:term":[{"taxonomy":"post_tag","embeddable":true,"href":"https:\/\/geschichte-brandenburg.de\/wordpress\/wp-json\/wp\/v2\/tags?post=3147"},{"taxonomy":"tribe_events_cat","embeddable":true,"href":"https:\/\/geschichte-brandenburg.de\/wordpress\/wp-json\/wp\/v2\/tribe_events_cat?post=3147"}],"curies":[{"name":"wp","href":"https:\/\/api.w.org\/{rel}","templated":true}]}}