{"id":3166,"date":"2026-02-12T17:45:20","date_gmt":"2026-02-12T16:45:20","guid":{"rendered":"https:\/\/geschichte-brandenburg.de\/wordpress\/?post_type=tribe_events&#038;p=3166"},"modified":"2026-02-12T17:45:20","modified_gmt":"2026-02-12T16:45:20","slug":"die-doerfer-um-berlin-und-die-agrarreform-des-19-jahrhunderts","status":"publish","type":"tribe_events","link":"https:\/\/geschichte-brandenburg.de\/wordpress\/event\/die-doerfer-um-berlin-und-die-agrarreform-des-19-jahrhunderts\/","title":{"rendered":"Die D\u00f6rfer um Berlin und die Agrarreform des 19. Jahrhunderts"},"content":{"rendered":"<p><strong>Vortrag:<\/strong> Dr. Matthias Helle (Berlin).<\/p>\n<p><strong>Treffen:\u00a0<\/strong>Donnerstag, 7. Mai 2026,\u00a019.00 Uhr im Berlin-Saal der Berliner Stadtbibliothek, Breite Stra\u00dfe 36, 10178 Berlin-Mitte.<\/p>\n<p><em>Im fr\u00fchen 19. Jahrhundert, als die D\u00f6rfer der heutigen Agglomeration Berlin noch ein klar landwirtschaftliches Gepr\u00e4ge hatten, wurde unter Stein und Hardenberg die preu\u00dfische Agrarreform auf den Weg gebracht. Sie bewirkte eine durchgreifende Ver\u00e4nderung der alten und \u00fcberholten Agrarverfassung, deren Wurzeln noch in das Mittelalter und die fr\u00fche Neuzeit zur\u00fcckreichten.<\/p>\n<p>Ein wichtiger Bestandteil dieser Reform waren die Separationen, worunter man die Aufl\u00f6sung gemeinschaftlicher Besitzungen sowie die v\u00f6llige Neueinteilung der Feldfluren begriff. Hierdurch wurden moderne und rationellere Bewirtschaftungsmethoden erm\u00f6glicht.<\/p>\n<p>Diese Vorg\u00e4nge sollen sowohl in Grundz\u00fcgen dargelegt als auch exemplarisch anhand mehrerer berlinnaher D\u00f6rfer beleuchtet werden. Den sogenannten Separationskarten als wichtiger Quellengattung f\u00fcr die Ortsgeschichte wird sich der Vortrag im Besonderen widmen.<\/em><\/p>\n","protected":false},"excerpt":{"rendered":"<p>Vortrag: Dr. Matthias Helle (Berlin). Treffen:\u00a0Donnerstag, 7. Mai 2026,\u00a019.00 Uhr im Berlin-Saal der Berliner Stadtbibliothek, Breite Stra\u00dfe 36, 10178 Berlin-Mitte. Im fr\u00fchen 19. Jahrhundert, als die D\u00f6rfer der heutigen Agglomeration [&hellip;]<\/p>\n","protected":false},"author":3,"featured_media":0,"template":"","meta":{"_tribe_events_status":"","_tribe_events_status_reason":"","footnotes":""},"tags":[227,226],"tribe_events_cat":[4],"class_list":["post-3166","tribe_events","type-tribe_events","status-publish","hentry","tag-hardenberg","tag-stein","tribe_events_cat-vortrag","cat_vortrag"],"_links":{"self":[{"href":"https:\/\/geschichte-brandenburg.de\/wordpress\/wp-json\/wp\/v2\/tribe_events\/3166","targetHints":{"allow":["GET"]}}],"collection":[{"href":"https:\/\/geschichte-brandenburg.de\/wordpress\/wp-json\/wp\/v2\/tribe_events"}],"about":[{"href":"https:\/\/geschichte-brandenburg.de\/wordpress\/wp-json\/wp\/v2\/types\/tribe_events"}],"author":[{"embeddable":true,"href":"https:\/\/geschichte-brandenburg.de\/wordpress\/wp-json\/wp\/v2\/users\/3"}],"version-history":[{"count":1,"href":"https:\/\/geschichte-brandenburg.de\/wordpress\/wp-json\/wp\/v2\/tribe_events\/3166\/revisions"}],"predecessor-version":[{"id":3167,"href":"https:\/\/geschichte-brandenburg.de\/wordpress\/wp-json\/wp\/v2\/tribe_events\/3166\/revisions\/3167"}],"wp:attachment":[{"href":"https:\/\/geschichte-brandenburg.de\/wordpress\/wp-json\/wp\/v2\/media?parent=3166"}],"wp:term":[{"taxonomy":"post_tag","embeddable":true,"href":"https:\/\/geschichte-brandenburg.de\/wordpress\/wp-json\/wp\/v2\/tags?post=3166"},{"taxonomy":"tribe_events_cat","embeddable":true,"href":"https:\/\/geschichte-brandenburg.de\/wordpress\/wp-json\/wp\/v2\/tribe_events_cat?post=3166"}],"curies":[{"name":"wp","href":"https:\/\/api.w.org\/{rel}","templated":true}]}}